{"id":37,"date":"2016-11-08T17:55:15","date_gmt":"2016-11-08T16:55:15","guid":{"rendered":"http:\/\/www.alexeberth.bplaced.net\/wordpress\/?page_id=37"},"modified":"2025-04-16T11:18:46","modified_gmt":"2025-04-16T09:18:46","slug":"kontakt","status":"publish","type":"page","link":"https:\/\/www.alexeberth.bplaced.net\/wordpress\/kontakt\/","title":{"rendered":"Kontakt"},"content":{"rendered":"<p>Gemeinschaftspraxis Dr. med. Silke Eberth und Dr. med. Alexander Eberth<br \/>\nDillinger Strasse 11 (seit 1.7.2012)<br \/>\n02977 Hoyerswerda<\/p>\n<p>Telefon: <a href=\"tel:+493571406329\">&#9742; 03571-406329<\/a><br \/>\nFax: 03571-406330<br \/>\n<strong>KIM<\/strong> (nur f\u00fcr \u00c4rzte): praxis.dr.eberth.951934000@i-motion.kim.telematik<\/p>\n<p><span style=\"display: none;\">Der Praxis-Chat und online-Tagestermine sind nach unserem Urlaub hier wieder m\u00f6glich.<\/span><br \/>\n<strong><a href=\"https:\/\/www.alexeberth.bplaced.net\/wordpress\/praxis-chat\/\"><img decoding=\"async\" src=\"https:\/\/www.alexeberth.bplaced.net\/wordpress\/bilder\/chat.png\" alt=\"PraxisChat\" style=\"width:40px; float:left\"\/> &nbsp; Praxis-Chat<\/a><\/strong><br \/>Ihr pers\u00f6nlicher Zugang zu unserer Praxis f\u00fcr <strong>Rezeptw\u00fcnsche <\/strong>, <strong>online-Tagestermine<\/strong> und <strong>Termin-Absagen<\/strong>.<br \/>\n<\/ br><\/ br><br \/>\nPflichtangaben gem\u00e4\u00df \u00a7 5 TMG und \u00a7 55 RStV:<\/p>\n<p>Zust\u00e4ndige \u00c4rztekammer: <a href=\"http:\/\/www.slaek.de\/\">S\u00e4chsische Landes\u00e4rztekammer<\/a><\/p>\n<p>Zust\u00e4ndige kassen\u00e4rztliche Vereinigung: <a href=\"http:\/\/www.kvs-sachsen.de\/\">Sachsen<\/a><br \/>\n<span  id=\"navizu\"><\/span><br \/>\n&nbsp;<\/p>\n<p><a href=\"https:\/\/maps.google.de\/maps?q=51.4348031,14.2450823\" style=\"font-size: xx-large;\">Klicken Sie HIER und navigieren Sie zu uns.<\/a><\/p>\n<p><span style=\"font-weight: bold; font-size: x-large;\">Wegbeschreibung<\/span><\/p>\n<p>Bitte geben Sie als Ziel &#8222;Pforzheimer Platz&#8220; in Ihr Navigationssystem ein.<\/p>\n<p>Unsere barrierefreie Praxis befindet sich im Erdgeschoss des Praxisgeb\u00e4udes.<\/p>\n<p>Parkpl\u00e4tze und Fahrradst\u00e4nder befinden sich unmittelbar vor der Praxis.<\/p>\n<p>Alle Stadtlinien und die meisten Fernbusse halten in direkter Praxisn\u00e4he.<\/p>\n<p><a href=\"http:\/\/www.openstreetmap.org\/?mlat=51.43492&amp;mlon=14.24528#map=17\/51.43492\/14.24528\" target=\"_blank\" rel=\"noopener noreferrer\"  style=\"font-weight: bold; font-size: x-large;\">Karte<\/a><\/p>\n<table>\n<tbody>\n<tr>\n<td><img loading=\"lazy\" decoding=\"async\" class=\"wp-image-1176 size-medium alignleft\" title=\"Praxis Dr. Eberth - Frentzel-Stra\u00dfe\" src=\"http:\/\/www.alexeberth.bplaced.net\/wordpress\/wp-content\/uploads\/2016\/11\/pasted1010-300x200.jpg\" alt=\"Praxis Dr. Eberth - Frentzel-Stra\u00dfe\" width=\"300\" height=\"200\" srcset=\"https:\/\/www.alexeberth.bplaced.net\/wordpress\/wp-content\/uploads\/2016\/11\/pasted1010-300x200.jpg 300w, https:\/\/www.alexeberth.bplaced.net\/wordpress\/wp-content\/uploads\/2016\/11\/pasted1010-768x512.jpg 768w, https:\/\/www.alexeberth.bplaced.net\/wordpress\/wp-content\/uploads\/2016\/11\/pasted1010.jpg 880w\" sizes=\"auto, (max-width: 300px) 100vw, 300px\" \/><\/td>\n<td><img loading=\"lazy\" decoding=\"async\" class=\"wp-image-1194 alignleft\" title=\"Praxis Dr. Eberth - Pforzheimer Platz\" src=\"http:\/\/www.alexeberth.bplaced.net\/wordpress\/wp-content\/uploads\/2016\/11\/PraxisPf-300x221.jpg\" alt=\"Praxis Dr. Eberth - Pforzheimer Platz\" width=\"272\" height=\"200\" srcset=\"https:\/\/www.alexeberth.bplaced.net\/wordpress\/wp-content\/uploads\/2016\/11\/PraxisPf-300x221.jpg 300w, https:\/\/www.alexeberth.bplaced.net\/wordpress\/wp-content\/uploads\/2016\/11\/PraxisPf.jpg 476w\" sizes=\"auto, (max-width: 272px) 100vw, 272px\" \/><\/td>\n<td><img loading=\"lazy\" decoding=\"async\" class=\"wp-image-1196 alignleft\" title=\"Praxis Dr. Eberth - Frentzel-Stra\u00dfe\" src=\"http:\/\/www.alexeberth.bplaced.net\/wordpress\/wp-content\/uploads\/2016\/11\/PraxisFr-300x201.jpg\" alt=\"Praxis Dr. Eberth - Frentzel-Stra\u00dfe\" width=\"298\" height=\"200\" srcset=\"https:\/\/www.alexeberth.bplaced.net\/wordpress\/wp-content\/uploads\/2016\/11\/PraxisFr-300x201.jpg 300w, https:\/\/www.alexeberth.bplaced.net\/wordpress\/wp-content\/uploads\/2016\/11\/PraxisFr.jpg 522w\" sizes=\"auto, (max-width: 298px) 100vw, 298px\" \/><\/td>\n<\/tr>\n<\/tbody>\n<\/table>\n<p><a href=\"http:\/\/www.alexeberth.bplaced.net\/wordpress\/kontakt\/impressum\/\">Impressum und Datenschutzerkl\u00e4rung<\/a><br \/>\n&nbsp;<br \/>\n<span style=\"display:none\"><a href=\"http:\/\/www.alexeberth.bplaced.net\/wordpress\/?page_id=102\"><br \/>\nKontaktformular<\/a><\/span><\/p>\n","protected":false},"excerpt":{"rendered":"<p>Gemeinschaftspraxis Dr. med. Silke Eberth und Dr. med. Alexander Eberth Dillinger Strasse 11 (seit 1.7.2012) 02977 Hoyerswerda Telefon: &#9742; 03571-406329 Fax: 03571-406330 KIM (nur f\u00fcr \u00c4rzte): praxis.dr.eberth.951934000@i-motion.kim.telematik Der Praxis-Chat und online-Tagestermine sind nach unserem Urlaub hier wieder m\u00f6glich. &nbsp; Praxis-ChatIhr pers\u00f6nlicher Zugang zu unserer Praxis f\u00fcr Rezeptw\u00fcnsche , online-Tagestermine und Termin-Absagen. Pflichtangaben gem\u00e4\u00df \u00a7 5 TMG und \u00a7 55 RStV: [&hellip;]<\/p>\n","protected":false},"author":1,"featured_media":0,"parent":0,"menu_order":0,"comment_status":"closed","ping_status":"closed","template":"","meta":{"footnotes":""},"class_list":["post-37","page","type-page","status-publish","hentry"],"yoast_head":"<!-- This site is optimized with the Yoast SEO plugin v27.4 - https:\/\/yoast.com\/product\/yoast-seo-wordpress\/ -->\n<title>Kontakt - Gemeinschaftspraxis Dr. med. Eberth<\/title>\n<meta name=\"robots\" content=\"index, follow, max-snippet:-1, max-image-preview:large, max-video-preview:-1\" \/>\n<link rel=\"canonical\" href=\"https:\/\/www.alexeberth.bplaced.net\/wordpress\/kontakt\/\" \/>\n<meta property=\"og:locale\" content=\"de_DE\" \/>\n<meta property=\"og:type\" content=\"article\" \/>\n<meta property=\"og:title\" content=\"Kontakt - Gemeinschaftspraxis Dr. med. Eberth\" \/>\n<meta property=\"og:description\" content=\"Gemeinschaftspraxis Dr. med. Silke Eberth und Dr. med. Alexander Eberth Dillinger Strasse 11 (seit 1.7.2012) 02977 Hoyerswerda Telefon: &#9742; 03571-406329 Fax: 03571-406330 KIM (nur f\u00fcr \u00c4rzte): praxis.dr.eberth.951934000@i-motion.kim.telematik Der Praxis-Chat und online-Tagestermine sind nach unserem Urlaub hier wieder m\u00f6glich. &nbsp; Praxis-ChatIhr pers\u00f6nlicher Zugang zu unserer Praxis f\u00fcr Rezeptw\u00fcnsche , online-Tagestermine und Termin-Absagen. Pflichtangaben gem\u00e4\u00df \u00a7 5 TMG und \u00a7 55 RStV: [&hellip;]\" \/>\n<meta property=\"og:url\" content=\"https:\/\/www.alexeberth.bplaced.net\/wordpress\/kontakt\/\" \/>\n<meta property=\"og:site_name\" content=\"Gemeinschaftspraxis Dr. med. Eberth\" \/>\n<meta property=\"article:modified_time\" content=\"2025-04-16T09:18:46+00:00\" \/>\n<meta property=\"og:image\" content=\"https:\/\/www.alexeberth.bplaced.net\/wordpress\/bilder\/chat.png\" \/>\n<meta name=\"twitter:card\" content=\"summary_large_image\" \/>\n<meta name=\"twitter:label1\" content=\"Gesch\u00e4tzte Lesezeit\" \/>\n\t<meta name=\"twitter:data1\" content=\"2\u00a0Minuten\" \/>\n<script type=\"application\/ld+json\" class=\"yoast-schema-graph\">{\"@context\":\"https:\\\/\\\/schema.org\",\"@graph\":[{\"@type\":\"WebPage\",\"@id\":\"https:\\\/\\\/www.alexeberth.bplaced.net\\\/wordpress\\\/kontakt\\\/\",\"url\":\"https:\\\/\\\/www.alexeberth.bplaced.net\\\/wordpress\\\/kontakt\\\/\",\"name\":\"Kontakt - Gemeinschaftspraxis Dr. med. Eberth\",\"isPartOf\":{\"@id\":\"https:\\\/\\\/www.alexeberth.bplaced.net\\\/wordpress\\\/#website\"},\"primaryImageOfPage\":{\"@id\":\"https:\\\/\\\/www.alexeberth.bplaced.net\\\/wordpress\\\/kontakt\\\/#primaryimage\"},\"image\":{\"@id\":\"https:\\\/\\\/www.alexeberth.bplaced.net\\\/wordpress\\\/kontakt\\\/#primaryimage\"},\"thumbnailUrl\":\"https:\\\/\\\/www.alexeberth.bplaced.net\\\/wordpress\\\/bilder\\\/chat.png\",\"datePublished\":\"2016-11-08T16:55:15+00:00\",\"dateModified\":\"2025-04-16T09:18:46+00:00\",\"breadcrumb\":{\"@id\":\"https:\\\/\\\/www.alexeberth.bplaced.net\\\/wordpress\\\/kontakt\\\/#breadcrumb\"},\"inLanguage\":\"de\",\"potentialAction\":[{\"@type\":\"ReadAction\",\"target\":[\"https:\\\/\\\/www.alexeberth.bplaced.net\\\/wordpress\\\/kontakt\\\/\"]}]},{\"@type\":\"ImageObject\",\"inLanguage\":\"de\",\"@id\":\"https:\\\/\\\/www.alexeberth.bplaced.net\\\/wordpress\\\/kontakt\\\/#primaryimage\",\"url\":\"https:\\\/\\\/www.alexeberth.bplaced.net\\\/wordpress\\\/bilder\\\/chat.png\",\"contentUrl\":\"https:\\\/\\\/www.alexeberth.bplaced.net\\\/wordpress\\\/bilder\\\/chat.png\"},{\"@type\":\"BreadcrumbList\",\"@id\":\"https:\\\/\\\/www.alexeberth.bplaced.net\\\/wordpress\\\/kontakt\\\/#breadcrumb\",\"itemListElement\":[{\"@type\":\"ListItem\",\"position\":1,\"name\":\"Startseite\",\"item\":\"https:\\\/\\\/www.alexeberth.bplaced.net\\\/wordpress\\\/\"},{\"@type\":\"ListItem\",\"position\":2,\"name\":\"Kontakt\"}]},{\"@type\":\"WebSite\",\"@id\":\"https:\\\/\\\/www.alexeberth.bplaced.net\\\/wordpress\\\/#website\",\"url\":\"https:\\\/\\\/www.alexeberth.bplaced.net\\\/wordpress\\\/\",\"name\":\"Gemeinschaftspraxis Dr. med. Eberth\",\"description\":\"Dr. med. Silke Eberth und Dr. med. Alexander Eberth\",\"publisher\":{\"@id\":\"https:\\\/\\\/www.alexeberth.bplaced.net\\\/wordpress\\\/#organization\"},\"potentialAction\":[{\"@type\":\"SearchAction\",\"target\":{\"@type\":\"EntryPoint\",\"urlTemplate\":\"https:\\\/\\\/www.alexeberth.bplaced.net\\\/wordpress\\\/?s={search_term_string}\"},\"query-input\":{\"@type\":\"PropertyValueSpecification\",\"valueRequired\":true,\"valueName\":\"search_term_string\"}}],\"inLanguage\":\"de\"},{\"@type\":\"Organization\",\"@id\":\"https:\\\/\\\/www.alexeberth.bplaced.net\\\/wordpress\\\/#organization\",\"name\":\"Gemeinschaftspraxis Dr. med. Eberth\",\"url\":\"https:\\\/\\\/www.alexeberth.bplaced.net\\\/wordpress\\\/\",\"logo\":{\"@type\":\"ImageObject\",\"inLanguage\":\"de\",\"@id\":\"https:\\\/\\\/www.alexeberth.bplaced.net\\\/wordpress\\\/#\\\/schema\\\/logo\\\/image\\\/\",\"url\":\"https:\\\/\\\/www.alexeberth.bplaced.net\\\/wordpress\\\/wp-content\\\/uploads\\\/2023\\\/06\\\/Praxis-Logo-ganzklein.png\",\"contentUrl\":\"https:\\\/\\\/www.alexeberth.bplaced.net\\\/wordpress\\\/wp-content\\\/uploads\\\/2023\\\/06\\\/Praxis-Logo-ganzklein.png\",\"width\":60,\"height\":33,\"caption\":\"Gemeinschaftspraxis Dr. med. Eberth\"},\"image\":{\"@id\":\"https:\\\/\\\/www.alexeberth.bplaced.net\\\/wordpress\\\/#\\\/schema\\\/logo\\\/image\\\/\"}}]}<\/script>\n<!-- \/ Yoast SEO plugin. -->","yoast_head_json":{"title":"Kontakt - Gemeinschaftspraxis Dr. med. Eberth","robots":{"index":"index","follow":"follow","max-snippet":"max-snippet:-1","max-image-preview":"max-image-preview:large","max-video-preview":"max-video-preview:-1"},"canonical":"https:\/\/www.alexeberth.bplaced.net\/wordpress\/kontakt\/","og_locale":"de_DE","og_type":"article","og_title":"Kontakt - Gemeinschaftspraxis Dr. med. Eberth","og_description":"Gemeinschaftspraxis Dr. med. Silke Eberth und Dr. med. Alexander Eberth Dillinger Strasse 11 (seit 1.7.2012) 02977 Hoyerswerda Telefon: &#9742; 03571-406329 Fax: 03571-406330 KIM (nur f\u00fcr \u00c4rzte): praxis.dr.eberth.951934000@i-motion.kim.telematik Der Praxis-Chat und online-Tagestermine sind nach unserem Urlaub hier wieder m\u00f6glich. &nbsp; Praxis-ChatIhr pers\u00f6nlicher Zugang zu unserer Praxis f\u00fcr Rezeptw\u00fcnsche , online-Tagestermine und Termin-Absagen. Pflichtangaben gem\u00e4\u00df \u00a7 5 TMG und \u00a7 55 RStV: [&hellip;]","og_url":"https:\/\/www.alexeberth.bplaced.net\/wordpress\/kontakt\/","og_site_name":"Gemeinschaftspraxis Dr. med. Eberth","article_modified_time":"2025-04-16T09:18:46+00:00","og_image":[{"url":"https:\/\/www.alexeberth.bplaced.net\/wordpress\/bilder\/chat.png","type":"","width":"","height":""}],"twitter_card":"summary_large_image","twitter_misc":{"Gesch\u00e4tzte Lesezeit":"2\u00a0Minuten"},"schema":{"@context":"https:\/\/schema.org","@graph":[{"@type":"WebPage","@id":"https:\/\/www.alexeberth.bplaced.net\/wordpress\/kontakt\/","url":"https:\/\/www.alexeberth.bplaced.net\/wordpress\/kontakt\/","name":"Kontakt - Gemeinschaftspraxis Dr. med. Eberth","isPartOf":{"@id":"https:\/\/www.alexeberth.bplaced.net\/wordpress\/#website"},"primaryImageOfPage":{"@id":"https:\/\/www.alexeberth.bplaced.net\/wordpress\/kontakt\/#primaryimage"},"image":{"@id":"https:\/\/www.alexeberth.bplaced.net\/wordpress\/kontakt\/#primaryimage"},"thumbnailUrl":"https:\/\/www.alexeberth.bplaced.net\/wordpress\/bilder\/chat.png","datePublished":"2016-11-08T16:55:15+00:00","dateModified":"2025-04-16T09:18:46+00:00","breadcrumb":{"@id":"https:\/\/www.alexeberth.bplaced.net\/wordpress\/kontakt\/#breadcrumb"},"inLanguage":"de","potentialAction":[{"@type":"ReadAction","target":["https:\/\/www.alexeberth.bplaced.net\/wordpress\/kontakt\/"]}]},{"@type":"ImageObject","inLanguage":"de","@id":"https:\/\/www.alexeberth.bplaced.net\/wordpress\/kontakt\/#primaryimage","url":"https:\/\/www.alexeberth.bplaced.net\/wordpress\/bilder\/chat.png","contentUrl":"https:\/\/www.alexeberth.bplaced.net\/wordpress\/bilder\/chat.png"},{"@type":"BreadcrumbList","@id":"https:\/\/www.alexeberth.bplaced.net\/wordpress\/kontakt\/#breadcrumb","itemListElement":[{"@type":"ListItem","position":1,"name":"Startseite","item":"https:\/\/www.alexeberth.bplaced.net\/wordpress\/"},{"@type":"ListItem","position":2,"name":"Kontakt"}]},{"@type":"WebSite","@id":"https:\/\/www.alexeberth.bplaced.net\/wordpress\/#website","url":"https:\/\/www.alexeberth.bplaced.net\/wordpress\/","name":"Gemeinschaftspraxis Dr. med. Eberth","description":"Dr. med. Silke Eberth und Dr. med. Alexander Eberth","publisher":{"@id":"https:\/\/www.alexeberth.bplaced.net\/wordpress\/#organization"},"potentialAction":[{"@type":"SearchAction","target":{"@type":"EntryPoint","urlTemplate":"https:\/\/www.alexeberth.bplaced.net\/wordpress\/?s={search_term_string}"},"query-input":{"@type":"PropertyValueSpecification","valueRequired":true,"valueName":"search_term_string"}}],"inLanguage":"de"},{"@type":"Organization","@id":"https:\/\/www.alexeberth.bplaced.net\/wordpress\/#organization","name":"Gemeinschaftspraxis Dr. med. Eberth","url":"https:\/\/www.alexeberth.bplaced.net\/wordpress\/","logo":{"@type":"ImageObject","inLanguage":"de","@id":"https:\/\/www.alexeberth.bplaced.net\/wordpress\/#\/schema\/logo\/image\/","url":"https:\/\/www.alexeberth.bplaced.net\/wordpress\/wp-content\/uploads\/2023\/06\/Praxis-Logo-ganzklein.png","contentUrl":"https:\/\/www.alexeberth.bplaced.net\/wordpress\/wp-content\/uploads\/2023\/06\/Praxis-Logo-ganzklein.png","width":60,"height":33,"caption":"Gemeinschaftspraxis Dr. med. Eberth"},"image":{"@id":"https:\/\/www.alexeberth.bplaced.net\/wordpress\/#\/schema\/logo\/image\/"}}]}},"_links":{"self":[{"href":"https:\/\/www.alexeberth.bplaced.net\/wordpress\/wp-json\/wp\/v2\/pages\/37","targetHints":{"allow":["GET"]}}],"collection":[{"href":"https:\/\/www.alexeberth.bplaced.net\/wordpress\/wp-json\/wp\/v2\/pages"}],"about":[{"href":"https:\/\/www.alexeberth.bplaced.net\/wordpress\/wp-json\/wp\/v2\/types\/page"}],"author":[{"embeddable":true,"href":"https:\/\/www.alexeberth.bplaced.net\/wordpress\/wp-json\/wp\/v2\/users\/1"}],"replies":[{"embeddable":true,"href":"https:\/\/www.alexeberth.bplaced.net\/wordpress\/wp-json\/wp\/v2\/comments?post=37"}],"version-history":[{"count":5,"href":"https:\/\/www.alexeberth.bplaced.net\/wordpress\/wp-json\/wp\/v2\/pages\/37\/revisions"}],"predecessor-version":[{"id":3936,"href":"https:\/\/www.alexeberth.bplaced.net\/wordpress\/wp-json\/wp\/v2\/pages\/37\/revisions\/3936"}],"wp:attachment":[{"href":"https:\/\/www.alexeberth.bplaced.net\/wordpress\/wp-json\/wp\/v2\/media?parent=37"}],"curies":[{"name":"wp","href":"https:\/\/api.w.org\/{rel}","templated":true}]}}